{"id":77879,"date":"2020-02-26T10:56:36","date_gmt":"2020-02-26T10:56:36","guid":{"rendered":"https:\/\/sileu.com\/cambiar-talla-copa-sileu\/"},"modified":"2020-09-03T14:29:14","modified_gmt":"2020-09-03T14:29:14","slug":"change-size-cup-sileu","status":"publish","type":"page","link":"https:\/\/sileu.com\/de\/change-size-cup-sileu\/","title":{"rendered":"Ich m\u00f6chte die Gr\u00f6\u00dfe meiner Sileu-Menstruationstasse \u00e4ndern"},"content":{"rendered":"\t\t<div data-elementor-type=\"wp-page\" data-elementor-id=\"77879\" class=\"elementor elementor-77879 elementor-18682\" data-elementor-post-type=\"page\">\n\t\t\t\t\t\t<section class=\"elementor-section elementor-top-section elementor-element elementor-element-7a1a27c elementor-section-boxed elementor-section-height-default elementor-section-height-default\" data-id=\"7a1a27c\" data-element_type=\"section\" data-settings=\"{&quot;background_background&quot;:&quot;classic&quot;}\">\n\t\t\t\t\t\t<div class=\"elementor-container elementor-column-gap-default\">\n\t\t\t\t\t<div class=\"elementor-column elementor-col-100 elementor-top-column elementor-element elementor-element-c7e5354\" data-id=\"c7e5354\" data-element_type=\"column\">\n\t\t\t<div class=\"elementor-widget-wrap elementor-element-populated\">\n\t\t\t\t\t\t<div class=\"elementor-element elementor-element-981e5a2 elementor-widget elementor-widget-heading\" data-id=\"981e5a2\" data-element_type=\"widget\" data-widget_type=\"heading.default\">\n\t\t\t\t<div class=\"elementor-widget-container\">\n\t\t\t\t\t<h2 class=\"elementor-heading-title elementor-size-default\">Ich m\u00f6chte die Gr\u00f6\u00dfe meiner Sileu-Menstruationstasse \u00e4ndern<\/h2>\t\t\t\t<\/div>\n\t\t\t\t<\/div>\n\t\t\t\t\t<\/div>\n\t\t<\/div>\n\t\t\t\t\t<\/div>\n\t\t<\/section>\n\t\t\t\t<section class=\"elementor-section elementor-top-section elementor-element elementor-element-e038538 elementor-section-boxed elementor-section-height-default elementor-section-height-default\" data-id=\"e038538\" data-element_type=\"section\">\n\t\t\t\t\t\t<div class=\"elementor-container elementor-column-gap-default\">\n\t\t\t\t\t<div class=\"elementor-column elementor-col-100 elementor-top-column elementor-element elementor-element-30fe0c9\" data-id=\"30fe0c9\" data-element_type=\"column\">\n\t\t\t<div class=\"elementor-widget-wrap elementor-element-populated\">\n\t\t\t\t\t\t<div class=\"elementor-element elementor-element-840a08a elementor-widget elementor-widget-text-editor\" data-id=\"840a08a\" data-element_type=\"widget\" data-widget_type=\"text-editor.default\">\n\t\t\t\t<div class=\"elementor-widget-container\">\n\t\t\t\t\t\t\t\t\t<p>Wenn Sie Ihre Sileu-Menstruationstasse \u00fcber unsere Website, bei A<strong>mazon, bei eBay, Carrefour oder in Gesch\u00e4ften wie Apotheken oder El Corte Ingl\u00e9s-Zentren gekauft haben<\/strong>, haben Sie sie f\u00fcr mindestens 3 oder 4 Menstruationszyklen verwendet und haben folgende Probleme:<\/p><ul><li>Undichtigkeiten oder Flecken<\/li><li>Die Menstruationstasse bewegt sich, dreht sich oder kommt heraus<\/li><li>Es tut weh, wenn man es anzieht, auszieht oder tr\u00e4gt<\/li><li>Wenn Sie Sport treiben, treten Beschwerden oder Leckagen auf<\/li><\/ul><p>\u00a0<\/p><p>Es kann sein, dass die gew\u00e4hlte Gr\u00f6\u00dfe nicht f\u00fcr Sie am besten geeignet ist. Aus diesem Grund bieten wir Ihnen bei Sileu die M\u00f6glichkeit, die Gr\u00f6\u00dfe Ihrer Menstruationstasse ohne zus\u00e4tzliche Kosten zu \u00e4ndern. Sie m\u00fcssen lediglich die Kosten f\u00fcr den Versand Ihrer Menstruationstasse an unsere Adresse tragen.<\/p>\t\t\t\t\t\t\t\t<\/div>\n\t\t\t\t<\/div>\n\t\t\t\t<div class=\"elementor-element elementor-element-08ab017 elementor-widget elementor-widget-accordion\" data-id=\"08ab017\" data-element_type=\"widget\" data-widget_type=\"accordion.default\">\n\t\t\t\t<div class=\"elementor-widget-container\">\n\t\t\t\t\t\t\t<div class=\"elementor-accordion\">\n\t\t\t\t\t\t\t<div class=\"elementor-accordion-item\">\n\t\t\t\t\t<div id=\"elementor-tab-title-9081\" class=\"elementor-tab-title\" data-tab=\"1\" role=\"button\" aria-controls=\"elementor-tab-content-9081\" aria-expanded=\"false\">\n\t\t\t\t\t\t\t\t\t\t\t\t\t<span class=\"elementor-accordion-icon elementor-accordion-icon-right\" aria-hidden=\"true\">\n\t\t\t\t\t\t\t\t\t\t\t\t\t\t\t<span class=\"elementor-accordion-icon-closed\"><i class=\"fas fa-plus\"><\/i><\/span>\n\t\t\t\t\t\t\t\t<span class=\"elementor-accordion-icon-opened\"><i class=\"fas fa-minus\"><\/i><\/span>\n\t\t\t\t\t\t\t\t\t\t\t\t\t\t<\/span>\n\t\t\t\t\t\t\t\t\t\t\t\t<a class=\"elementor-accordion-title\" tabindex=\"0\">Wie lange muss ich die Menstruationstasse tragen, bevor ich eine Gr\u00f6\u00dfen\u00e4nderung beantragen kann?<\/a>\n\t\t\t\t\t<\/div>\n\t\t\t\t\t<div id=\"elementor-tab-content-9081\" class=\"elementor-tab-content elementor-clearfix\" data-tab=\"1\" role=\"region\" aria-labelledby=\"elementor-tab-title-9081\"><p>Wir empfehlen, mindestens <strong>3-4 Menstruationszyklen zu verwenden,<\/strong> da diese beim An- und Ausziehen eine kleine Lernkurve aufweisen, die ordnungsgem\u00e4\u00df \u00fcberwunden werden muss, um sicherzustellen, dass es sich aufgrund der Gr\u00f6\u00dfe des Menstruationszyklus tats\u00e4chlich um ein Problem handelt Tasse und nicht im Zusammenhang mit unsachgem\u00e4\u00dfer Platzierung der Tasse.<\/p><\/div>\n\t\t\t\t<\/div>\n\t\t\t\t\t\t\t<div class=\"elementor-accordion-item\">\n\t\t\t\t\t<div id=\"elementor-tab-title-9082\" class=\"elementor-tab-title\" data-tab=\"2\" role=\"button\" aria-controls=\"elementor-tab-content-9082\" aria-expanded=\"false\">\n\t\t\t\t\t\t\t\t\t\t\t\t\t<span class=\"elementor-accordion-icon elementor-accordion-icon-right\" aria-hidden=\"true\">\n\t\t\t\t\t\t\t\t\t\t\t\t\t\t\t<span class=\"elementor-accordion-icon-closed\"><i class=\"fas fa-plus\"><\/i><\/span>\n\t\t\t\t\t\t\t\t<span class=\"elementor-accordion-icon-opened\"><i class=\"fas fa-minus\"><\/i><\/span>\n\t\t\t\t\t\t\t\t\t\t\t\t\t\t<\/span>\n\t\t\t\t\t\t\t\t\t\t\t\t<a class=\"elementor-accordion-title\" tabindex=\"0\">Was ist die maximale Zeit, um eine Gr\u00f6\u00dfen\u00e4nderung anzufordern?<\/a>\n\t\t\t\t\t<\/div>\n\t\t\t\t\t<div id=\"elementor-tab-content-9082\" class=\"elementor-tab-content elementor-clearfix\" data-tab=\"2\" role=\"region\" aria-labelledby=\"elementor-tab-title-9082\"><p>Sie k\u00f6nnen eine Gr\u00f6\u00dfen\u00e4nderung bis maximal <strong>6 Monate<\/strong> nach dem Kaufdatum beantragen. Nach <strong>6 Monaten<\/strong> ist eine Gr\u00f6\u00dfen\u00e4nderung nicht mehr m\u00f6glich.<\/p><\/div>\n\t\t\t\t<\/div>\n\t\t\t\t\t\t\t<div class=\"elementor-accordion-item\">\n\t\t\t\t\t<div id=\"elementor-tab-title-9083\" class=\"elementor-tab-title\" data-tab=\"3\" role=\"button\" aria-controls=\"elementor-tab-content-9083\" aria-expanded=\"false\">\n\t\t\t\t\t\t\t\t\t\t\t\t\t<span class=\"elementor-accordion-icon elementor-accordion-icon-right\" aria-hidden=\"true\">\n\t\t\t\t\t\t\t\t\t\t\t\t\t\t\t<span class=\"elementor-accordion-icon-closed\"><i class=\"fas fa-plus\"><\/i><\/span>\n\t\t\t\t\t\t\t\t<span class=\"elementor-accordion-icon-opened\"><i class=\"fas fa-minus\"><\/i><\/span>\n\t\t\t\t\t\t\t\t\t\t\t\t\t\t<\/span>\n\t\t\t\t\t\t\t\t\t\t\t\t<a class=\"elementor-accordion-title\" tabindex=\"0\">Was ist das Gr\u00f6\u00dfen\u00e4nderungsprogramm von Sileu?<\/a>\n\t\t\t\t\t<\/div>\n\t\t\t\t\t<div id=\"elementor-tab-content-9083\" class=\"elementor-tab-content elementor-clearfix\" data-tab=\"3\" role=\"region\" aria-labelledby=\"elementor-tab-title-9083\"><p>Wenn Sie sicher sind, dass Sie die Gr\u00f6\u00dfe Ihres Glases wirklich \u00e4ndern m\u00fcssen, m\u00fcssen Sie nur das Formular ausf\u00fcllen, das wir unten auf dieser Seite pr\u00e4sentieren. Sie erhalten eine automatische Best\u00e4tigungs-E-Mail. Wenn Sie Ihr Glas in einem physischen Gesch\u00e4ft gekauft haben, m\u00fcssen Sie Ihren gescannten und lesbaren Kaufbeleg oder Ihre Rechnung als Antwort auf die E-Mail beif\u00fcgen.<\/p><p>Wenn wir die Informationen \u00fcberpr\u00fcfen, werden wir Sie per E-Mail kontaktieren, um Ihnen mitzuteilen, wo Sie Ihr altes Glas zur\u00fcckgeben sollen. Beachten Sie, dass die Versandkosten f\u00fcr diese R\u00fccksendung in Ihrer Verantwortung liegen. Wenn Sie keine E-Mail von uns erhalten haben, \u00fcberpr\u00fcfen Sie bitte das Spam- oder Junk-Mail-Verzeichnis Ihrer E-Mail, da Sie dort m\u00f6glicherweise unsere Nachricht erhalten. Wir beantworten alle Anfragen innerhalb von 24-48 Gesch\u00e4ftszeiten, samstags, sonntags und an Feiertagen ausgeschlossen.<\/p><p>Sobald wir Ihre Menstruationstasse in unserem B\u00fcro erhalten haben, senden wir die neue Tasse an die von Ihnen angegebene Adresse. Es dauert normalerweise ungef\u00e4hr 15 Werktage, bis diese Sendung nach dem Versand geliefert wird.<\/p><\/div>\n\t\t\t\t<\/div>\n\t\t\t\t\t\t\t<div class=\"elementor-accordion-item\">\n\t\t\t\t\t<div id=\"elementor-tab-title-9084\" class=\"elementor-tab-title\" data-tab=\"4\" role=\"button\" aria-controls=\"elementor-tab-content-9084\" aria-expanded=\"false\">\n\t\t\t\t\t\t\t\t\t\t\t\t\t<span class=\"elementor-accordion-icon elementor-accordion-icon-right\" aria-hidden=\"true\">\n\t\t\t\t\t\t\t\t\t\t\t\t\t\t\t<span class=\"elementor-accordion-icon-closed\"><i class=\"fas fa-plus\"><\/i><\/span>\n\t\t\t\t\t\t\t\t<span class=\"elementor-accordion-icon-opened\"><i class=\"fas fa-minus\"><\/i><\/span>\n\t\t\t\t\t\t\t\t\t\t\t\t\t\t<\/span>\n\t\t\t\t\t\t\t\t\t\t\t\t<a class=\"elementor-accordion-title\" tabindex=\"0\">Muss ich bei der R\u00fcckgabe der Menstruationstasse, wenn ich sie in einer Packung mit mehr Zubeh\u00f6r gekauft habe, die gesamte oder nur die Menstruationstasse zur\u00fcckgeben?<\/a>\n\t\t\t\t\t<\/div>\n\t\t\t\t\t<div id=\"elementor-tab-content-9084\" class=\"elementor-tab-content elementor-clearfix\" data-tab=\"4\" role=\"region\" aria-labelledby=\"elementor-tab-title-9084\"><p>Sie m\u00fcssen nur und ausschlie\u00dflich die Menstruationstasse zur\u00fcckgeben, nichts weiter, gut verpackt in der biologisch abbaubaren <strong>PLA-Tasche<\/strong>, in der Sie sie erhalten haben, oder in einer anderen f\u00fcr Sie geeigneten Verpackung. Senden Sie die Menstruationstasse aus hygienischen Gr\u00fcnden nicht unverpackt, da Ihre Gr\u00f6\u00dfen\u00e4nderung dann nicht verarbeitet wird.<\/p><\/div>\n\t\t\t\t<\/div>\n\t\t\t\t\t\t\t<div class=\"elementor-accordion-item\">\n\t\t\t\t\t<div id=\"elementor-tab-title-9085\" class=\"elementor-tab-title\" data-tab=\"5\" role=\"button\" aria-controls=\"elementor-tab-content-9085\" aria-expanded=\"false\">\n\t\t\t\t\t\t\t\t\t\t\t\t\t<span class=\"elementor-accordion-icon elementor-accordion-icon-right\" aria-hidden=\"true\">\n\t\t\t\t\t\t\t\t\t\t\t\t\t\t\t<span class=\"elementor-accordion-icon-closed\"><i class=\"fas fa-plus\"><\/i><\/span>\n\t\t\t\t\t\t\t\t<span class=\"elementor-accordion-icon-opened\"><i class=\"fas fa-minus\"><\/i><\/span>\n\t\t\t\t\t\t\t\t\t\t\t\t\t\t<\/span>\n\t\t\t\t\t\t\t\t\t\t\t\t<a class=\"elementor-accordion-title\" tabindex=\"0\">Wenn ich die Gr\u00f6\u00dfe der Menstruationstasse bereits ge\u00e4ndert habe und es bereue, weil ich denke, dass die vorherige Gr\u00f6\u00dfe f\u00fcr mich besser war, oder ich meine alte Tasse zur\u00fcckbekommen m\u00f6chte, ist es m\u00f6glich, die neue Tasse wieder zu \u00e4ndern?<\/a>\n\t\t\t\t\t<\/div>\n\t\t\t\t\t<div id=\"elementor-tab-content-9085\" class=\"elementor-tab-content elementor-clearfix\" data-tab=\"5\" role=\"region\" aria-labelledby=\"elementor-tab-title-9085\"><p>Nein, sobald eine Gr\u00f6\u00dfen\u00e4nderung angefordert wurde, ist es unm\u00f6glich, eine neue Gr\u00f6\u00dfen\u00e4nderung vorzunehmen oder die alte Tasse wiederherzustellen. Wir bitten Sie daher, sicherzugehen, dass Sie die Gr\u00f6\u00dfe der Tasse wirklich \u00e4ndern m\u00f6chten.<\/p><\/div>\n\t\t\t\t<\/div>\n\t\t\t\t\t\t\t<div class=\"elementor-accordion-item\">\n\t\t\t\t\t<div id=\"elementor-tab-title-9086\" class=\"elementor-tab-title\" data-tab=\"6\" role=\"button\" aria-controls=\"elementor-tab-content-9086\" aria-expanded=\"false\">\n\t\t\t\t\t\t\t\t\t\t\t\t\t<span class=\"elementor-accordion-icon elementor-accordion-icon-right\" aria-hidden=\"true\">\n\t\t\t\t\t\t\t\t\t\t\t\t\t\t\t<span class=\"elementor-accordion-icon-closed\"><i class=\"fas fa-plus\"><\/i><\/span>\n\t\t\t\t\t\t\t\t<span class=\"elementor-accordion-icon-opened\"><i class=\"fas fa-minus\"><\/i><\/span>\n\t\t\t\t\t\t\t\t\t\t\t\t\t\t<\/span>\n\t\t\t\t\t\t\t\t\t\t\t\t<a class=\"elementor-accordion-title\" tabindex=\"0\">Kann ich eine Ersatz-Menstruationstasse erhalten, wenn meine Menstruationstasse an der Basis gebrochen ist oder der Stiel gebrochen ist?<\/a>\n\t\t\t\t\t<\/div>\n\t\t\t\t\t<div id=\"elementor-tab-content-9086\" class=\"elementor-tab-content elementor-clearfix\" data-tab=\"6\" role=\"region\" aria-labelledby=\"elementor-tab-title-9086\"><p>Nein, da Br\u00fcche am Boden der Tasse oder des Stiels ausschlie\u00dflich auf eine unsachgem\u00e4\u00dfe Handhabung der Tasse beim Aufsetzen oder Herausnehmen zur\u00fcckzuf\u00fchren sind, z. B. durch Einklemmen mit den N\u00e4geln und nicht mit den Fingerspitzen.<\/p><\/div>\n\t\t\t\t<\/div>\n\t\t\t\t\t\t\t<div class=\"elementor-accordion-item\">\n\t\t\t\t\t<div id=\"elementor-tab-title-9087\" class=\"elementor-tab-title\" data-tab=\"7\" role=\"button\" aria-controls=\"elementor-tab-content-9087\" aria-expanded=\"false\">\n\t\t\t\t\t\t\t\t\t\t\t\t\t<span class=\"elementor-accordion-icon elementor-accordion-icon-right\" aria-hidden=\"true\">\n\t\t\t\t\t\t\t\t\t\t\t\t\t\t\t<span class=\"elementor-accordion-icon-closed\"><i class=\"fas fa-plus\"><\/i><\/span>\n\t\t\t\t\t\t\t\t<span class=\"elementor-accordion-icon-opened\"><i class=\"fas fa-minus\"><\/i><\/span>\n\t\t\t\t\t\t\t\t\t\t\t\t\t\t<\/span>\n\t\t\t\t\t\t\t\t\t\t\t\t<a class=\"elementor-accordion-title\" tabindex=\"0\">F\u00fcr welche L\u00e4nder ist dieser Gr\u00f6\u00dfen\u00e4nderungsservice verf\u00fcgbar?<\/a>\n\t\t\t\t\t<\/div>\n\t\t\t\t\t<div id=\"elementor-tab-content-9087\" class=\"elementor-tab-content elementor-clearfix\" data-tab=\"7\" role=\"region\" aria-labelledby=\"elementor-tab-title-9087\"><p>Dieser Service ist nur und ausschlie\u00dflich f\u00fcr die spanische Halbinsel und die Balearen verf\u00fcgbar. Wenn Sie auf den Kanarischen Inseln, Ceuta, Melilla oder in einem anderen Land sind und die Gr\u00f6\u00dfe \u00e4ndern m\u00f6chten, m\u00fcssen Sie sich um die Versandkosten f\u00fcr die R\u00fccksendung Ihres alten Glases und die Versandkosten f\u00fcr das neue Glas an Ihren Standort k\u00fcmmern.<\/p><\/div>\n\t\t\t\t<\/div>\n\t\t\t\t\t\t\t<div class=\"elementor-accordion-item\">\n\t\t\t\t\t<div id=\"elementor-tab-title-9088\" class=\"elementor-tab-title\" data-tab=\"8\" role=\"button\" aria-controls=\"elementor-tab-content-9088\" aria-expanded=\"false\">\n\t\t\t\t\t\t\t\t\t\t\t\t\t<span class=\"elementor-accordion-icon elementor-accordion-icon-right\" aria-hidden=\"true\">\n\t\t\t\t\t\t\t\t\t\t\t\t\t\t\t<span class=\"elementor-accordion-icon-closed\"><i class=\"fas fa-plus\"><\/i><\/span>\n\t\t\t\t\t\t\t\t<span class=\"elementor-accordion-icon-opened\"><i class=\"fas fa-minus\"><\/i><\/span>\n\t\t\t\t\t\t\t\t\t\t\t\t\t\t<\/span>\n\t\t\t\t\t\t\t\t\t\t\t\t<a class=\"elementor-accordion-title\" tabindex=\"0\">Ich habe immer noch Zweifel, wie kann ich Sie kontaktieren?<\/a>\n\t\t\t\t\t<\/div>\n\t\t\t\t\t<div id=\"elementor-tab-content-9088\" class=\"elementor-tab-content elementor-clearfix\" data-tab=\"8\" role=\"region\" aria-labelledby=\"elementor-tab-title-9088\"><ul><li style=\"text-align: left\">\u00dcber WhatsApp unter der spanischen Nummer <strong>693 80 22 40<\/strong> (nur durch schriftliche Nachrichten, Sprachanrufe oder Sprachnotizen sind nicht zul\u00e4ssig).<\/li><li style=\"text-align: left\">Per Telefon unter der spanischen Telefonnummer <strong>931 444 665.<\/strong><\/li><li style=\"text-align: left\">Per E-Mail an <a href=\"mailto:sales@sileu.com\">sales@sileu.com.<\/a><\/li><li style=\"text-align: left\">Durch unseren Chat auf der Website.<\/li><li style=\"text-align: left\">Auf <a href=\"https:\/\/www.facebook.com\/sileucom\/\" rel=\"nofollow noopener\" target=\"_blank\">Facebook<\/a> oder auf <a href=\"https:\/\/www.instagram.com\/sileucup\/?hl=es\" rel=\"nofollow noopener\" target=\"_blank\">Instagram.<\/a><\/li><\/ul><\/div>\n\t\t\t\t<\/div>\n\t\t\t\t\t\t\t\t<\/div>\n\t\t\t\t\t\t<\/div>\n\t\t\t\t<\/div>\n\t\t\t\t\t<\/div>\n\t\t<\/div>\n\t\t\t\t\t<\/div>\n\t\t<\/section>\n\t\t\t\t<\/div>\n\t\t","protected":false},"excerpt":{"rendered":"<p>Ich m\u00f6chte die Gr\u00f6\u00dfe meiner Sileu-Menstruationstasse \u00e4ndern Wenn Sie Ihre Sileu-Menstruationstasse \u00fcber unsere Website, bei Amazon, bei eBay, Carrefour oder in Gesch\u00e4ften wie Apotheken oder El Corte Ingl\u00e9s-Zentren gekauft haben, haben Sie sie f\u00fcr mindestens 3 oder 4 Menstruationszyklen verwendet und haben folgende Probleme: Undichtigkeiten oder Flecken Die Menstruationstasse bewegt sich, dreht sich oder kommt [&hellip;]<\/p>\n","protected":false},"author":4815,"featured_media":0,"parent":0,"menu_order":0,"comment_status":"closed","ping_status":"closed","template":"elementor_header_footer","meta":{"footnotes":""},"class_list":["post-77879","page","type-page","status-publish","hentry"],"_links":{"self":[{"href":"https:\/\/sileu.com\/de\/wp-json\/wp\/v2\/pages\/77879","targetHints":{"allow":["GET"]}}],"collection":[{"href":"https:\/\/sileu.com\/de\/wp-json\/wp\/v2\/pages"}],"about":[{"href":"https:\/\/sileu.com\/de\/wp-json\/wp\/v2\/types\/page"}],"author":[{"embeddable":true,"href":"https:\/\/sileu.com\/de\/wp-json\/wp\/v2\/users\/4815"}],"replies":[{"embeddable":true,"href":"https:\/\/sileu.com\/de\/wp-json\/wp\/v2\/comments?post=77879"}],"version-history":[{"count":2,"href":"https:\/\/sileu.com\/de\/wp-json\/wp\/v2\/pages\/77879\/revisions"}],"predecessor-version":[{"id":77883,"href":"https:\/\/sileu.com\/de\/wp-json\/wp\/v2\/pages\/77879\/revisions\/77883"}],"wp:attachment":[{"href":"https:\/\/sileu.com\/de\/wp-json\/wp\/v2\/media?parent=77879"}],"curies":[{"name":"wp","href":"https:\/\/api.w.org\/{rel}","templated":true}]}}