{"id":77862,"date":"2020-02-26T10:56:36","date_gmt":"2020-02-26T10:56:36","guid":{"rendered":"https:\/\/sileu.com\/cambiar-talla-copa-sileu\/"},"modified":"2020-09-03T13:49:24","modified_gmt":"2020-09-03T13:49:24","slug":"mudar-o-tamanho-do-copo-sileu","status":"publish","type":"page","link":"https:\/\/sileu.com\/pt-pt\/mudar-o-tamanho-do-copo-sileu\/","title":{"rendered":"Eu quero mudar o tamanho do meu copo menstrual Sileu"},"content":{"rendered":"\t\t<div data-elementor-type=\"wp-page\" data-elementor-id=\"77862\" class=\"elementor elementor-77862 elementor-18682\" data-elementor-post-type=\"page\">\n\t\t\t\t\t\t<section class=\"elementor-section elementor-top-section elementor-element elementor-element-7a1a27c elementor-section-boxed elementor-section-height-default elementor-section-height-default\" data-id=\"7a1a27c\" data-element_type=\"section\" data-settings=\"{&quot;background_background&quot;:&quot;classic&quot;}\">\n\t\t\t\t\t\t<div class=\"elementor-container elementor-column-gap-default\">\n\t\t\t\t\t<div class=\"elementor-column elementor-col-100 elementor-top-column elementor-element elementor-element-c7e5354\" data-id=\"c7e5354\" data-element_type=\"column\">\n\t\t\t<div class=\"elementor-widget-wrap elementor-element-populated\">\n\t\t\t\t\t\t<div class=\"elementor-element elementor-element-981e5a2 elementor-widget elementor-widget-heading\" data-id=\"981e5a2\" data-element_type=\"widget\" data-widget_type=\"heading.default\">\n\t\t\t\t<div class=\"elementor-widget-container\">\n\t\t\t\t\t<h2 class=\"elementor-heading-title elementor-size-default\">Eu quero mudar o tamanho do meu copo menstrual Sileu<\/h2>\t\t\t\t<\/div>\n\t\t\t\t<\/div>\n\t\t\t\t\t<\/div>\n\t\t<\/div>\n\t\t\t\t\t<\/div>\n\t\t<\/section>\n\t\t\t\t<section class=\"elementor-section elementor-top-section elementor-element elementor-element-e038538 elementor-section-boxed elementor-section-height-default elementor-section-height-default\" data-id=\"e038538\" data-element_type=\"section\">\n\t\t\t\t\t\t<div class=\"elementor-container elementor-column-gap-default\">\n\t\t\t\t\t<div class=\"elementor-column elementor-col-100 elementor-top-column elementor-element elementor-element-30fe0c9\" data-id=\"30fe0c9\" data-element_type=\"column\">\n\t\t\t<div class=\"elementor-widget-wrap elementor-element-populated\">\n\t\t\t\t\t\t<div class=\"elementor-element elementor-element-840a08a elementor-widget elementor-widget-text-editor\" data-id=\"840a08a\" data-element_type=\"widget\" data-widget_type=\"text-editor.default\">\n\t\t\t\t<div class=\"elementor-widget-container\">\n\t\t\t\t\t\t\t\t\t<p>Se voc\u00ea comprou seu copo menstrual Sileu por meio de nosso site, na<strong> Amazon, no eBay, Carrefour ou em lojas f\u00edsicas como farm\u00e1cias ou centros El Corte Ingl\u00e9s,<\/strong> voc\u00ea o usou por pelo menos 3 ou 4 ciclos menstruais e teve os seguintes problemas:<\/p><ul><li>Vazamentos ou manchas<\/li><li>O copo menstrual se move, gira ou sai<\/li><li>D\u00f3i ao colocar, tirar ou usar<\/li><li>Quando voc\u00ea pratica esportes, sente desconforto ou vazamento<\/li><\/ul><p>\u00a0<\/p><p>Pode ser que o tamanho escolhido n\u00e3o seja o mais adequado para voc\u00ea. Por este motivo, na Sileu oferecemos-lhe a op\u00e7\u00e3o de alterar o tamanho do seu copo menstrual sem custos adicionais, apenas ter\u00e1 de arcar com os custos de envio do seu copo menstrual para a nossa morada.<\/p>\t\t\t\t\t\t\t\t<\/div>\n\t\t\t\t<\/div>\n\t\t\t\t<div class=\"elementor-element elementor-element-08ab017 elementor-widget elementor-widget-accordion\" data-id=\"08ab017\" data-element_type=\"widget\" data-widget_type=\"accordion.default\">\n\t\t\t\t<div class=\"elementor-widget-container\">\n\t\t\t\t\t\t\t<div class=\"elementor-accordion\">\n\t\t\t\t\t\t\t<div class=\"elementor-accordion-item\">\n\t\t\t\t\t<div id=\"elementor-tab-title-9081\" class=\"elementor-tab-title\" data-tab=\"1\" role=\"button\" aria-controls=\"elementor-tab-content-9081\" aria-expanded=\"false\">\n\t\t\t\t\t\t\t\t\t\t\t\t\t<span class=\"elementor-accordion-icon elementor-accordion-icon-right\" aria-hidden=\"true\">\n\t\t\t\t\t\t\t\t\t\t\t\t\t\t\t<span class=\"elementor-accordion-icon-closed\"><i class=\"fas fa-plus\"><\/i><\/span>\n\t\t\t\t\t\t\t\t<span class=\"elementor-accordion-icon-opened\"><i class=\"fas fa-minus\"><\/i><\/span>\n\t\t\t\t\t\t\t\t\t\t\t\t\t\t<\/span>\n\t\t\t\t\t\t\t\t\t\t\t\t<a class=\"elementor-accordion-title\" tabindex=\"0\">Quanto tempo tenho que usar o copo menstrual antes de poder solicitar uma mudan\u00e7a de tamanho?<\/a>\n\t\t\t\t\t<\/div>\n\t\t\t\t\t<div id=\"elementor-tab-content-9081\" class=\"elementor-tab-content elementor-clearfix\" data-tab=\"1\" role=\"region\" aria-labelledby=\"elementor-tab-title-9081\"><p>Recomendamos que voc\u00ea use um m\u00ednimo de <strong>3-4 ciclos menstruais<\/strong>, pois eles t\u00eam uma pequena curva de aprendizado ao coloc\u00e1-lo e tir\u00e1-lo corretamente que deve ser superada adequadamente para ter certeza de que realmente \u00e9 um problema devido ao tamanho do copo e n\u00e3o relacionado \u00e0 coloca\u00e7\u00e3o inadequada do copo.<\/p><\/div>\n\t\t\t\t<\/div>\n\t\t\t\t\t\t\t<div class=\"elementor-accordion-item\">\n\t\t\t\t\t<div id=\"elementor-tab-title-9082\" class=\"elementor-tab-title\" data-tab=\"2\" role=\"button\" aria-controls=\"elementor-tab-content-9082\" aria-expanded=\"false\">\n\t\t\t\t\t\t\t\t\t\t\t\t\t<span class=\"elementor-accordion-icon elementor-accordion-icon-right\" aria-hidden=\"true\">\n\t\t\t\t\t\t\t\t\t\t\t\t\t\t\t<span class=\"elementor-accordion-icon-closed\"><i class=\"fas fa-plus\"><\/i><\/span>\n\t\t\t\t\t\t\t\t<span class=\"elementor-accordion-icon-opened\"><i class=\"fas fa-minus\"><\/i><\/span>\n\t\t\t\t\t\t\t\t\t\t\t\t\t\t<\/span>\n\t\t\t\t\t\t\t\t\t\t\t\t<a class=\"elementor-accordion-title\" tabindex=\"0\">Qual \u00e9 o tempo m\u00e1ximo que tenho para solicitar uma mudan\u00e7a de tamanho?<\/a>\n\t\t\t\t\t<\/div>\n\t\t\t\t\t<div id=\"elementor-tab-content-9082\" class=\"elementor-tab-content elementor-clearfix\" data-tab=\"2\" role=\"region\" aria-labelledby=\"elementor-tab-title-9082\"><p>Voc\u00ea pode solicitar uma mudan\u00e7a de tamanho at\u00e9 no m\u00e1ximo 6 meses ap\u00f3s a data de compra. Ap\u00f3s 6 meses, n\u00e3o ser\u00e1 mais poss\u00edvel optar pela mudan\u00e7a de tamanho.<\/p><\/div>\n\t\t\t\t<\/div>\n\t\t\t\t\t\t\t<div class=\"elementor-accordion-item\">\n\t\t\t\t\t<div id=\"elementor-tab-title-9083\" class=\"elementor-tab-title\" data-tab=\"3\" role=\"button\" aria-controls=\"elementor-tab-content-9083\" aria-expanded=\"false\">\n\t\t\t\t\t\t\t\t\t\t\t\t\t<span class=\"elementor-accordion-icon elementor-accordion-icon-right\" aria-hidden=\"true\">\n\t\t\t\t\t\t\t\t\t\t\t\t\t\t\t<span class=\"elementor-accordion-icon-closed\"><i class=\"fas fa-plus\"><\/i><\/span>\n\t\t\t\t\t\t\t\t<span class=\"elementor-accordion-icon-opened\"><i class=\"fas fa-minus\"><\/i><\/span>\n\t\t\t\t\t\t\t\t\t\t\t\t\t\t<\/span>\n\t\t\t\t\t\t\t\t\t\t\t\t<a class=\"elementor-accordion-title\" tabindex=\"0\">Qual \u00e9 o programa de mudan\u00e7a de tamanho da Sileu?<\/a>\n\t\t\t\t\t<\/div>\n\t\t\t\t\t<div id=\"elementor-tab-content-9083\" class=\"elementor-tab-content elementor-clearfix\" data-tab=\"3\" role=\"region\" aria-labelledby=\"elementor-tab-title-9083\"><p>Assim que tiver a certeza de que realmente necessita alterar o tamanho do seu copo, basta preencher o formul\u00e1rio que apresentamos a seguir nesta p\u00e1gina. Voc\u00ea receber\u00e1 um email de confirma\u00e7\u00e3o autom\u00e1tica. Se voc\u00ea comprou seu vidro em uma loja f\u00edsica, voc\u00ea deve anexar seu recibo de compra ou fatura digitalizado e leg\u00edvel em resposta ao e-mail.<\/p><p>Quando verificarmos as informa\u00e7\u00f5es entraremos em contato por e-mail para inform\u00e1-lo onde voc\u00ea deve devolver o seu vidro antigo, lembrando que os portes de envio para esta devolu\u00e7\u00e3o s\u00e3o de sua responsabilidade. Se voc\u00ea n\u00e3o recebeu um e-mail nosso, verifique o diret\u00f3rio de spam ou lixo eletr\u00f4nico do seu e-mail, pois poder\u00e1 receber nossa mensagem l\u00e1. Atendemos todas as solicita\u00e7\u00f5es 24-48 horas \u00fateis, exceto s\u00e1bados, domingos e feriados.<\/p><p>Assim que recebermos seu copo menstrual devolvido em nosso consult\u00f3rio, enviaremos o novo copo para o endere\u00e7o que voc\u00ea fornecer. Esta remessa normalmente leva cerca de 15 dias \u00fateis para ser entregue ap\u00f3s o envio.<\/p><\/div>\n\t\t\t\t<\/div>\n\t\t\t\t\t\t\t<div class=\"elementor-accordion-item\">\n\t\t\t\t\t<div id=\"elementor-tab-title-9084\" class=\"elementor-tab-title\" data-tab=\"4\" role=\"button\" aria-controls=\"elementor-tab-content-9084\" aria-expanded=\"false\">\n\t\t\t\t\t\t\t\t\t\t\t\t\t<span class=\"elementor-accordion-icon elementor-accordion-icon-right\" aria-hidden=\"true\">\n\t\t\t\t\t\t\t\t\t\t\t\t\t\t\t<span class=\"elementor-accordion-icon-closed\"><i class=\"fas fa-plus\"><\/i><\/span>\n\t\t\t\t\t\t\t\t<span class=\"elementor-accordion-icon-opened\"><i class=\"fas fa-minus\"><\/i><\/span>\n\t\t\t\t\t\t\t\t\t\t\t\t\t\t<\/span>\n\t\t\t\t\t\t\t\t\t\t\t\t<a class=\"elementor-accordion-title\" tabindex=\"0\">Quando eu devolver o copo menstrual, se o adquiri em um pacote com mais acess\u00f3rios, devo devolver todo ou apenas o copo menstrual?<\/a>\n\t\t\t\t\t<\/div>\n\t\t\t\t\t<div id=\"elementor-tab-content-9084\" class=\"elementor-tab-content elementor-clearfix\" data-tab=\"4\" role=\"region\" aria-labelledby=\"elementor-tab-title-9084\"><p>Deve devolver \u00fanica e exclusivamente o copo menstrual, nada mais, bem embalado na sua <strong>bolsa PLA biodegrad\u00e1vel<\/strong> onde o recebeu ou em qualquer outra embalagem que lhe seja conveniente. Por motivos de higiene, n\u00e3o envie o copo menstrual sem embalagem, pois assim sua mudan\u00e7a de tamanho n\u00e3o ser\u00e1 processada.<\/p><\/div>\n\t\t\t\t<\/div>\n\t\t\t\t\t\t\t<div class=\"elementor-accordion-item\">\n\t\t\t\t\t<div id=\"elementor-tab-title-9085\" class=\"elementor-tab-title\" data-tab=\"5\" role=\"button\" aria-controls=\"elementor-tab-content-9085\" aria-expanded=\"false\">\n\t\t\t\t\t\t\t\t\t\t\t\t\t<span class=\"elementor-accordion-icon elementor-accordion-icon-right\" aria-hidden=\"true\">\n\t\t\t\t\t\t\t\t\t\t\t\t\t\t\t<span class=\"elementor-accordion-icon-closed\"><i class=\"fas fa-plus\"><\/i><\/span>\n\t\t\t\t\t\t\t\t<span class=\"elementor-accordion-icon-opened\"><i class=\"fas fa-minus\"><\/i><\/span>\n\t\t\t\t\t\t\t\t\t\t\t\t\t\t<\/span>\n\t\t\t\t\t\t\t\t\t\t\t\t<a class=\"elementor-accordion-title\" tabindex=\"0\">Se eu j\u00e1 mudei o tamanho do copo menstrual e me arrependo porque acho que o tamanho anterior era melhor para mim, ou quero pegar meu copo antigo de volta, \u00e9 poss\u00edvel mudar o novo?<\/a>\n\t\t\t\t\t<\/div>\n\t\t\t\t\t<div id=\"elementor-tab-content-9085\" class=\"elementor-tab-content elementor-clearfix\" data-tab=\"5\" role=\"region\" aria-labelledby=\"elementor-tab-title-9085\"><p>N\u00e3o, uma vez que a mudan\u00e7a de tamanho tenha sido solicitada, \u00e9 imposs\u00edvel fazer uma nova mudan\u00e7a de tamanho ou recuperar o copo antigo, ent\u00e3o pedimos que voc\u00ea tenha a certeza de que realmente deseja mudar o tamanho do copo.<\/p><\/div>\n\t\t\t\t<\/div>\n\t\t\t\t\t\t\t<div class=\"elementor-accordion-item\">\n\t\t\t\t\t<div id=\"elementor-tab-title-9086\" class=\"elementor-tab-title\" data-tab=\"6\" role=\"button\" aria-controls=\"elementor-tab-content-9086\" aria-expanded=\"false\">\n\t\t\t\t\t\t\t\t\t\t\t\t\t<span class=\"elementor-accordion-icon elementor-accordion-icon-right\" aria-hidden=\"true\">\n\t\t\t\t\t\t\t\t\t\t\t\t\t\t\t<span class=\"elementor-accordion-icon-closed\"><i class=\"fas fa-plus\"><\/i><\/span>\n\t\t\t\t\t\t\t\t<span class=\"elementor-accordion-icon-opened\"><i class=\"fas fa-minus\"><\/i><\/span>\n\t\t\t\t\t\t\t\t\t\t\t\t\t\t<\/span>\n\t\t\t\t\t\t\t\t\t\t\t\t<a class=\"elementor-accordion-title\" tabindex=\"0\">Se meu copo menstrual quebrou na base ou a haste quebrou, posso receber um copo menstrual substituto?<\/a>\n\t\t\t\t\t<\/div>\n\t\t\t\t\t<div id=\"elementor-tab-content-9086\" class=\"elementor-tab-content elementor-clearfix\" data-tab=\"6\" role=\"region\" aria-labelledby=\"elementor-tab-title-9086\"><p>N\u00e3o, pois as quebras na base do copo ou haste s\u00e3o devidas exclusivamente ao manuseio incorreto do copo ao coloc\u00e1-lo ou retir\u00e1-lo, como belisc\u00e1-lo com as unhas e n\u00e3o com a ponta dos dedos.<\/p><\/div>\n\t\t\t\t<\/div>\n\t\t\t\t\t\t\t<div class=\"elementor-accordion-item\">\n\t\t\t\t\t<div id=\"elementor-tab-title-9087\" class=\"elementor-tab-title\" data-tab=\"7\" role=\"button\" aria-controls=\"elementor-tab-content-9087\" aria-expanded=\"false\">\n\t\t\t\t\t\t\t\t\t\t\t\t\t<span class=\"elementor-accordion-icon elementor-accordion-icon-right\" aria-hidden=\"true\">\n\t\t\t\t\t\t\t\t\t\t\t\t\t\t\t<span class=\"elementor-accordion-icon-closed\"><i class=\"fas fa-plus\"><\/i><\/span>\n\t\t\t\t\t\t\t\t<span class=\"elementor-accordion-icon-opened\"><i class=\"fas fa-minus\"><\/i><\/span>\n\t\t\t\t\t\t\t\t\t\t\t\t\t\t<\/span>\n\t\t\t\t\t\t\t\t\t\t\t\t<a class=\"elementor-accordion-title\" tabindex=\"0\">\u00bfPara que pa\u00edses est\u00e1 disponible este servicio de cambio de talla?<\/a>\n\t\t\t\t\t<\/div>\n\t\t\t\t\t<div id=\"elementor-tab-content-9087\" class=\"elementor-tab-content elementor-clearfix\" data-tab=\"7\" role=\"region\" aria-labelledby=\"elementor-tab-title-9087\"><p>Este servicio est\u00e1 disponible s\u00f3lo y exclusivamente para Espa\u00f1a Peninsular e Islas Baleares. Si te encuentras en Islas Canarias, Ceuta, Melilla o en otro pa\u00eds, y deseas cambiar la talla, debes hacerte cargo de los portes de devolver tu copa antigua y de los portes de env\u00edo de la nueva copa hasta tu ubicaci\u00f3n.<\/p><\/div>\n\t\t\t\t<\/div>\n\t\t\t\t\t\t\t<div class=\"elementor-accordion-item\">\n\t\t\t\t\t<div id=\"elementor-tab-title-9088\" class=\"elementor-tab-title\" data-tab=\"8\" role=\"button\" aria-controls=\"elementor-tab-content-9088\" aria-expanded=\"false\">\n\t\t\t\t\t\t\t\t\t\t\t\t\t<span class=\"elementor-accordion-icon elementor-accordion-icon-right\" aria-hidden=\"true\">\n\t\t\t\t\t\t\t\t\t\t\t\t\t\t\t<span class=\"elementor-accordion-icon-closed\"><i class=\"fas fa-plus\"><\/i><\/span>\n\t\t\t\t\t\t\t\t<span class=\"elementor-accordion-icon-opened\"><i class=\"fas fa-minus\"><\/i><\/span>\n\t\t\t\t\t\t\t\t\t\t\t\t\t\t<\/span>\n\t\t\t\t\t\t\t\t\t\t\t\t<a class=\"elementor-accordion-title\" tabindex=\"0\">Ainda tenho d\u00favidas, como fa\u00e7o para entrar em contato com voc\u00ea?<\/a>\n\t\t\t\t\t<\/div>\n\t\t\t\t\t<div id=\"elementor-tab-content-9088\" class=\"elementor-tab-content elementor-clearfix\" data-tab=\"8\" role=\"region\" aria-labelledby=\"elementor-tab-title-9088\"><ul><li style=\"text-align: left\">Atrav\u00e9s do WhatsApp no \u200b\u200bn\u00famero espanhol <strong>693 80 22 40<\/strong> (somente atrav\u00e9s de mensagens escritas, chamadas de voz ou notas de voz n\u00e3o s\u00e3o permitidas).<\/li><li style=\"text-align: left\">Por telefone para o n\u00famero espanhol<strong> 931 444 665.<\/strong><\/li><li style=\"text-align: left\">Por e-mail para <a href=\"mailto:sales@sileu.com.\">sales@sileu.com.<\/a><\/li><li style=\"text-align: left\">Atrav\u00e9s do nosso chat no site.<\/li><li style=\"text-align: left\">No Facebook ou no Instagram.<\/li><\/ul><\/div>\n\t\t\t\t<\/div>\n\t\t\t\t\t\t\t\t<\/div>\n\t\t\t\t\t\t<\/div>\n\t\t\t\t<\/div>\n\t\t\t\t\t<\/div>\n\t\t<\/div>\n\t\t\t\t\t<\/div>\n\t\t<\/section>\n\t\t\t\t<\/div>\n\t\t","protected":false},"excerpt":{"rendered":"<p>Eu quero mudar o tamanho do meu copo menstrual Sileu Se voc\u00ea comprou seu copo menstrual Sileu por meio de nosso site, na Amazon, no eBay, Carrefour ou em lojas f\u00edsicas como farm\u00e1cias ou centros El Corte Ingl\u00e9s, voc\u00ea o usou por pelo menos 3 ou 4 ciclos menstruais e teve os seguintes problemas: Vazamentos [&hellip;]<\/p>\n","protected":false},"author":4815,"featured_media":0,"parent":0,"menu_order":0,"comment_status":"closed","ping_status":"closed","template":"elementor_header_footer","meta":{"footnotes":""},"class_list":["post-77862","page","type-page","status-publish","hentry"],"_links":{"self":[{"href":"https:\/\/sileu.com\/pt-pt\/wp-json\/wp\/v2\/pages\/77862","targetHints":{"allow":["GET"]}}],"collection":[{"href":"https:\/\/sileu.com\/pt-pt\/wp-json\/wp\/v2\/pages"}],"about":[{"href":"https:\/\/sileu.com\/pt-pt\/wp-json\/wp\/v2\/types\/page"}],"author":[{"embeddable":true,"href":"https:\/\/sileu.com\/pt-pt\/wp-json\/wp\/v2\/users\/4815"}],"replies":[{"embeddable":true,"href":"https:\/\/sileu.com\/pt-pt\/wp-json\/wp\/v2\/comments?post=77862"}],"version-history":[{"count":5,"href":"https:\/\/sileu.com\/pt-pt\/wp-json\/wp\/v2\/pages\/77862\/revisions"}],"predecessor-version":[{"id":77868,"href":"https:\/\/sileu.com\/pt-pt\/wp-json\/wp\/v2\/pages\/77862\/revisions\/77868"}],"wp:attachment":[{"href":"https:\/\/sileu.com\/pt-pt\/wp-json\/wp\/v2\/media?parent=77862"}],"curies":[{"name":"wp","href":"https:\/\/api.w.org\/{rel}","templated":true}]}}